{"id":524,"date":"2023-09-15T11:43:14","date_gmt":"2023-09-15T09:43:14","guid":{"rendered":"https:\/\/www.juditcaberol.com\/?page_id=524"},"modified":"2024-10-23T11:22:18","modified_gmt":"2024-10-23T09:22:18","slug":"formacio","status":"publish","type":"page","link":"https:\/\/www.juditcaberol.com\/es\/formacio\/","title":{"rendered":"Formaci\u00f3"},"content":{"rendered":"<div data-elementor-type=\"wp-page\" data-elementor-id=\"524\" class=\"elementor elementor-524\" data-elementor-post-type=\"page\">\n\t\t\t\t\t\t<section class=\"elementor-section elementor-top-section elementor-element elementor-element-9ee6d20 elementor-section-boxed elementor-section-height-default elementor-section-height-default\" data-id=\"9ee6d20\" data-element_type=\"section\" data-settings=\"{&quot;background_background&quot;:&quot;classic&quot;}\">\n\t\t\t\t\t\t<div class=\"elementor-container elementor-column-gap-default\">\n\t\t\t\t\t<div class=\"elementor-column elementor-col-100 elementor-top-column elementor-element elementor-element-228748a\" data-id=\"228748a\" data-element_type=\"column\">\n\t\t\t<div class=\"elementor-widget-wrap elementor-element-populated\">\n\t\t\t\t\t\t<div class=\"elementor-element elementor-element-8341d5b elementor-widget elementor-widget-spacer\" data-id=\"8341d5b\" data-element_type=\"widget\" data-widget_type=\"spacer.default\">\n\t\t\t\t<div class=\"elementor-widget-container\">\n\t\t\t\t\t\t\t<div class=\"elementor-spacer\">\n\t\t\t<div class=\"elementor-spacer-inner\"><\/div>\n\t\t<\/div>\n\t\t\t\t\t\t<\/div>\n\t\t\t\t<\/div>\n\t\t\t\t\t<\/div>\n\t\t<\/div>\n\t\t\t\t\t<\/div>\n\t\t<\/section>\n\t\t\t\t<section class=\"elementor-section elementor-top-section elementor-element elementor-element-74e31af elementor-section-full_width elementor-section-height-default elementor-section-height-default\" data-id=\"74e31af\" data-element_type=\"section\" data-settings=\"{&quot;background_background&quot;:&quot;classic&quot;}\">\n\t\t\t\t\t\t<div class=\"elementor-container elementor-column-gap-default\">\n\t\t\t\t\t<div class=\"elementor-column elementor-col-100 elementor-top-column elementor-element elementor-element-d137113\" data-id=\"d137113\" data-element_type=\"column\">\n\t\t\t<div class=\"elementor-widget-wrap elementor-element-populated\">\n\t\t\t\t\t\t<div class=\"elementor-element elementor-element-0060003 elementor-widget elementor-widget-heading\" data-id=\"0060003\" data-element_type=\"widget\" data-widget_type=\"heading.default\">\n\t\t\t\t<div class=\"elementor-widget-container\">\n\t\t\t\t\t<h2 class=\"elementor-heading-title elementor-size-default\">FORMACIONS EN FORMAT ONLINE I PRESENCIAL<\/h2>\t\t\t\t<\/div>\n\t\t\t\t<\/div>\n\t\t\t\t\t<\/div>\n\t\t<\/div>\n\t\t\t\t\t<\/div>\n\t\t<\/section>\n\t\t\t\t<section class=\"elementor-section elementor-top-section elementor-element elementor-element-8ae513c elementor-section-full_width elementor-section-height-default elementor-section-height-default\" data-id=\"8ae513c\" data-element_type=\"section\">\n\t\t\t\t\t\t<div class=\"elementor-container elementor-column-gap-default\">\n\t\t\t\t\t<div class=\"elementor-column elementor-col-50 elementor-top-column elementor-element elementor-element-3ad201c\" data-id=\"3ad201c\" data-element_type=\"column\">\n\t\t\t<div class=\"elementor-widget-wrap elementor-element-populated\">\n\t\t\t\t<div class=\"elementor-element elementor-element-6915184 e-flex e-con-boxed e-con e-parent\" data-id=\"6915184\" data-element_type=\"container\" data-settings=\"{&quot;sticky&quot;:&quot;top&quot;,&quot;sticky_on&quot;:[&quot;desktop&quot;],&quot;sticky_parent&quot;:&quot;yes&quot;,&quot;sticky_offset&quot;:0,&quot;sticky_effects_offset&quot;:0,&quot;sticky_anchor_link_offset&quot;:0}\">\n\t\t\t\t\t<div class=\"e-con-inner\">\n\t\t\t\t<div class=\"elementor-element elementor-element-f60af0f elementor-widget-tablet__width-initial elementor-widget elementor-widget-text-editor\" data-id=\"f60af0f\" data-element_type=\"widget\" data-settings=\"{&quot;sticky&quot;:&quot;top&quot;,&quot;sticky_parent&quot;:&quot;yes&quot;,&quot;sticky_on&quot;:[&quot;desktop&quot;,&quot;tablet&quot;,&quot;mobile&quot;],&quot;sticky_offset&quot;:0,&quot;sticky_effects_offset&quot;:0,&quot;sticky_anchor_link_offset&quot;:0}\" data-widget_type=\"text-editor.default\">\n\t\t\t\t<div class=\"elementor-widget-container\">\n\t\t\t\t\t\t\t\t\t<p>Formacions:<\/p>\t\t\t\t\t\t\t\t<\/div>\n\t\t\t\t<\/div>\n\t\t\t\t<div class=\"elementor-element elementor-element-d079ee8 elementor-align-left elementor-mobile-align-center elementor-widget elementor-widget-button\" data-id=\"d079ee8\" data-element_type=\"widget\" data-widget_type=\"button.default\">\n\t\t\t\t<div class=\"elementor-widget-container\">\n\t\t\t\t\t\t\t\t\t<div class=\"elementor-button-wrapper\">\n\t\t\t\t\t<a class=\"elementor-button elementor-button-link elementor-size-sm elementor-animation-grow\" href=\"#cosimoviment\">\n\t\t\t\t\t\t<span class=\"elementor-button-content-wrapper\">\n\t\t\t\t\t\t\t\t\t<span class=\"elementor-button-text\"> Formaci\u00f3 en Ter\u00e0pia de Cos i Moviment<\/span>\n\t\t\t\t\t<\/span>\n\t\t\t\t\t<\/a>\n\t\t\t\t<\/div>\n\t\t\t\t\t\t\t\t<\/div>\n\t\t\t\t<\/div>\n\t\t\t\t<div class=\"elementor-element elementor-element-10ccadb elementor-widget-divider--view-line elementor-widget elementor-widget-divider\" data-id=\"10ccadb\" data-element_type=\"widget\" data-widget_type=\"divider.default\">\n\t\t\t\t<div class=\"elementor-widget-container\">\n\t\t\t\t\t\t\t<div class=\"elementor-divider\">\n\t\t\t<span class=\"elementor-divider-separator\">\n\t\t\t\t\t\t<\/span>\n\t\t<\/div>\n\t\t\t\t\t\t<\/div>\n\t\t\t\t<\/div>\n\t\t\t\t<div class=\"elementor-element elementor-element-5815bd9 elementor-align-left elementor-mobile-align-center elementor-widget elementor-widget-button\" data-id=\"5815bd9\" data-element_type=\"widget\" data-widget_type=\"button.default\">\n\t\t\t\t<div class=\"elementor-widget-container\">\n\t\t\t\t\t\t\t\t\t<div class=\"elementor-button-wrapper\">\n\t\t\t\t\t<a class=\"elementor-button elementor-button-link elementor-size-sm elementor-animation-grow\" href=\"#reiki\">\n\t\t\t\t\t\t<span class=\"elementor-button-content-wrapper\">\n\t\t\t\t\t\t\t\t\t<span class=\"elementor-button-text\">Reiki Usui tradicional japon\u00e8s<\/span>\n\t\t\t\t\t<\/span>\n\t\t\t\t\t<\/a>\n\t\t\t\t<\/div>\n\t\t\t\t\t\t\t\t<\/div>\n\t\t\t\t<\/div>\n\t\t\t\t<div class=\"elementor-element elementor-element-058fa9a elementor-widget-divider--view-line elementor-widget elementor-widget-divider\" data-id=\"058fa9a\" data-element_type=\"widget\" data-widget_type=\"divider.default\">\n\t\t\t\t<div class=\"elementor-widget-container\">\n\t\t\t\t\t\t\t<div class=\"elementor-divider\">\n\t\t\t<span class=\"elementor-divider-separator\">\n\t\t\t\t\t\t<\/span>\n\t\t<\/div>\n\t\t\t\t\t\t<\/div>\n\t\t\t\t<\/div>\n\t\t\t\t<div class=\"elementor-element elementor-element-0c5fa5e elementor-align-left elementor-mobile-align-center elementor-widget elementor-widget-button\" data-id=\"0c5fa5e\" data-element_type=\"widget\" data-widget_type=\"button.default\">\n\t\t\t\t<div class=\"elementor-widget-container\">\n\t\t\t\t\t\t\t\t\t<div class=\"elementor-button-wrapper\">\n\t\t\t\t\t<a class=\"elementor-button elementor-button-link elementor-size-sm elementor-animation-grow\" href=\"#focusing\">\n\t\t\t\t\t\t<span class=\"elementor-button-content-wrapper\">\n\t\t\t\t\t\t\t\t\t<span class=\"elementor-button-text\">Focusing \u2013 Enfocament corporal<\/span>\n\t\t\t\t\t<\/span>\n\t\t\t\t\t<\/a>\n\t\t\t\t<\/div>\n\t\t\t\t\t\t\t\t<\/div>\n\t\t\t\t<\/div>\n\t\t\t\t<div class=\"elementor-element elementor-element-7b77546 elementor-widget-divider--view-line elementor-widget elementor-widget-divider\" data-id=\"7b77546\" data-element_type=\"widget\" data-widget_type=\"divider.default\">\n\t\t\t\t<div class=\"elementor-widget-container\">\n\t\t\t\t\t\t\t<div class=\"elementor-divider\">\n\t\t\t<span class=\"elementor-divider-separator\">\n\t\t\t\t\t\t<\/span>\n\t\t<\/div>\n\t\t\t\t\t\t<\/div>\n\t\t\t\t<\/div>\n\t\t\t\t<div class=\"elementor-element elementor-element-aa9c236 elementor-mobile-align-center elementor-widget elementor-widget-button\" data-id=\"aa9c236\" data-element_type=\"widget\" data-widget_type=\"button.default\">\n\t\t\t\t<div class=\"elementor-widget-container\">\n\t\t\t\t\t\t\t\t\t<div class=\"elementor-button-wrapper\">\n\t\t\t\t\t<a class=\"elementor-button elementor-button-link elementor-size-sm elementor-animation-grow\" href=\"#quiro\">\n\t\t\t\t\t\t<span class=\"elementor-button-content-wrapper\">\n\t\t\t\t\t\t\t\t\t<span class=\"elementor-button-text\">Quiromassatge terap\u00e8utic professional \u2013 ONLINE<\/span>\n\t\t\t\t\t<\/span>\n\t\t\t\t\t<\/a>\n\t\t\t\t<\/div>\n\t\t\t\t\t\t\t\t<\/div>\n\t\t\t\t<\/div>\n\t\t\t\t<div class=\"elementor-element elementor-element-4498d6b elementor-widget-divider--view-line elementor-widget elementor-widget-divider\" data-id=\"4498d6b\" data-element_type=\"widget\" data-widget_type=\"divider.default\">\n\t\t\t\t<div class=\"elementor-widget-container\">\n\t\t\t\t\t\t\t<div class=\"elementor-divider\">\n\t\t\t<span class=\"elementor-divider-separator\">\n\t\t\t\t\t\t<\/span>\n\t\t<\/div>\n\t\t\t\t\t\t<\/div>\n\t\t\t\t<\/div>\n\t\t\t\t<div class=\"elementor-element elementor-element-a0a4fcb elementor-align-left elementor-mobile-align-center elementor-widget elementor-widget-button\" data-id=\"a0a4fcb\" data-element_type=\"widget\" data-widget_type=\"button.default\">\n\t\t\t\t<div class=\"elementor-widget-container\">\n\t\t\t\t\t\t\t\t\t<div class=\"elementor-button-wrapper\">\n\t\t\t\t\t<a class=\"elementor-button elementor-button-link elementor-size-sm elementor-animation-grow\" href=\"#reflexo\">\n\t\t\t\t\t\t<span class=\"elementor-button-content-wrapper\">\n\t\t\t\t\t\t\t\t\t<span class=\"elementor-button-text\">Reflexologia podal professional<\/span>\n\t\t\t\t\t<\/span>\n\t\t\t\t\t<\/a>\n\t\t\t\t<\/div>\n\t\t\t\t\t\t\t\t<\/div>\n\t\t\t\t<\/div>\n\t\t\t\t<div class=\"elementor-element elementor-element-dbecbfe elementor-widget-divider--view-line elementor-widget elementor-widget-divider\" data-id=\"dbecbfe\" data-element_type=\"widget\" data-widget_type=\"divider.default\">\n\t\t\t\t<div class=\"elementor-widget-container\">\n\t\t\t\t\t\t\t<div class=\"elementor-divider\">\n\t\t\t<span class=\"elementor-divider-separator\">\n\t\t\t\t\t\t<\/span>\n\t\t<\/div>\n\t\t\t\t\t\t<\/div>\n\t\t\t\t<\/div>\n\t\t\t\t<div class=\"elementor-element elementor-element-7dc5b29 elementor-align-left elementor-tablet-align-left elementor-widget elementor-widget-button\" data-id=\"7dc5b29\" data-element_type=\"widget\" data-widget_type=\"button.default\">\n\t\t\t\t<div class=\"elementor-widget-container\">\n\t\t\t\t\t\t\t\t\t<div class=\"elementor-button-wrapper\">\n\t\t\t\t\t<a class=\"elementor-button elementor-button-link elementor-size-sm elementor-animation-grow\" href=\"#cos\">\n\t\t\t\t\t\t<span class=\"elementor-button-content-wrapper\">\n\t\t\t\t\t\t\t\t\t<span class=\"elementor-button-text\">Formaci\u00f3 M\u00e8tode Cos, Consci\u00e8ncia i Moviment \u00ae (Format Online \/ Format presencial)<\/span>\n\t\t\t\t\t<\/span>\n\t\t\t\t\t<\/a>\n\t\t\t\t<\/div>\n\t\t\t\t\t\t\t\t<\/div>\n\t\t\t\t<\/div>\n\t\t\t\t<div class=\"elementor-element elementor-element-e4e6ecb elementor-widget-divider--view-line elementor-widget elementor-widget-divider\" data-id=\"e4e6ecb\" data-element_type=\"widget\" data-widget_type=\"divider.default\">\n\t\t\t\t<div class=\"elementor-widget-container\">\n\t\t\t\t\t\t\t<div class=\"elementor-divider\">\n\t\t\t<span class=\"elementor-divider-separator\">\n\t\t\t\t\t\t<\/span>\n\t\t<\/div>\n\t\t\t\t\t\t<\/div>\n\t\t\t\t<\/div>\n\t\t\t\t<div class=\"elementor-element elementor-element-d1a17d9 elementor-align-left elementor-mobile-align-center elementor-widget elementor-widget-button\" data-id=\"d1a17d9\" data-element_type=\"widget\" data-widget_type=\"button.default\">\n\t\t\t\t<div class=\"elementor-widget-container\">\n\t\t\t\t\t\t\t\t\t<div class=\"elementor-button-wrapper\">\n\t\t\t\t\t<a class=\"elementor-button elementor-button-link elementor-size-sm elementor-animation-grow\" href=\"#tallers\">\n\t\t\t\t\t\t<span class=\"elementor-button-content-wrapper\">\n\t\t\t\t\t\t\t\t\t<span class=\"elementor-button-text\">Tallers i retirs per enc\u00e0rrec<\/span>\n\t\t\t\t\t<\/span>\n\t\t\t\t\t<\/a>\n\t\t\t\t<\/div>\n\t\t\t\t\t\t\t\t<\/div>\n\t\t\t\t<\/div>\n\t\t\t\t\t<\/div>\n\t\t\t\t<\/div>\n\t\t\t\t\t<\/div>\n\t\t<\/div>\n\t\t\t\t<div class=\"elementor-column elementor-col-50 elementor-top-column elementor-element elementor-element-cb246fd\" data-id=\"cb246fd\" data-element_type=\"column\">\n\t\t\t<div class=\"elementor-widget-wrap elementor-element-populated\">\n\t\t\t\t<div class=\"elementor-element elementor-element-09d4fb2 e-flex e-con-boxed e-con e-parent\" data-id=\"09d4fb2\" data-element_type=\"container\" id=\"cosimoviment\">\n\t\t\t\t\t<div class=\"e-con-inner\">\n\t\t\t\t<div class=\"elementor-element elementor-element-04ff5c2 elementor-widget elementor-widget-heading\" data-id=\"04ff5c2\" data-element_type=\"widget\" data-widget_type=\"heading.default\">\n\t\t\t\t<div class=\"elementor-widget-container\">\n\t\t\t\t\t<h2 class=\"elementor-heading-title elementor-size-default\">Formaci\u00f3 en Ter\u00e0pia de Cos i Moviment<\/h2>\t\t\t\t<\/div>\n\t\t\t\t<\/div>\n\t\t\t\t<div class=\"elementor-element elementor-element-caf9caf elementor-widget elementor-widget-text-editor\" data-id=\"caf9caf\" data-element_type=\"widget\" data-widget_type=\"text-editor.default\">\n\t\t\t\t<div class=\"elementor-widget-container\">\n\t\t\t\t\t\t\t\t\t<p>El programa de formaci\u00f3 en ter\u00e0pia de cos i moviment a <a href=\"https:\/\/www.gestaltkairos.com\" target=\"_blank\" rel=\"noopener\">Gestalt Kairos<\/a> est\u00e0 dissenyat per oferir una experi\u00e8ncia pr\u00e0ctica i integral en l\u2019\u00e0mbit de les ter\u00e0pies corporals i de moviment. A trav\u00e9s d\u2019una combinaci\u00f3 de teories i pr\u00e0ctiques, els participants aprenen a utilitzar el cos com a eina terap\u00e8utica, millorant la seva connexi\u00f3 corporal i emocional.<\/p><p>El curs posa un \u00e8mfasi especial en la consci\u00e8ncia corporal, l\u2019alliberament de tensions emocionals i l\u2019expressi\u00f3 a trav\u00e9s del moviment, amb un enfocament que integra diverses disciplines, des de la bioenerg\u00e8tica fins a la dansater\u00e0pia transpersonal.<\/p><p><strong><u>Continguts de la Formaci\u00f3:<\/u><\/strong><\/p><ul><li><span lang=\"ES-TRAD\">Introducci\u00f3\u00a0<\/span><span lang=\"FR\">a les Ter<\/span><span lang=\"ES-TRAD\">\u00e0<\/span><span lang=\"PT\">pies de Cos i Moviment<\/span><\/li><li><span lang=\"PT\">Consci<\/span><span lang=\"IT\">\u00e8<\/span><span lang=\"ES-TRAD\">ncia Corporal<\/span><\/li><li><span lang=\"NL\">Bioenerg<\/span><span lang=\"IT\">\u00e8<\/span><span lang=\"PT\">tica de Lowen<\/span><\/li><li><span lang=\"EN-US\">Focusing &#8211; M<\/span><span lang=\"IT\">\u00e8<\/span><span lang=\"ES-TRAD\">tode d<\/span><span dir=\"RTL\" lang=\"AR-SA\">\u2019<\/span><span lang=\"PT\">Enfocament Corporal<\/span><\/li><li><span lang=\"IT\">Moviment Expressiu i Moviment Aut\u00e8ntic<\/span><\/li><li><span lang=\"ES-TRAD\">Dansater\u00e0<\/span><span lang=\"IT\">pia Transpersonal<\/span><\/li><li><span lang=\"IT\">Stanley Keleman i la psicoter<\/span><span lang=\"ES-TRAD\">\u00e0<\/span><span lang=\"IT\">pia som<\/span><span lang=\"ES-TRAD\">\u00e0<\/span><span lang=\"IT\">tica<\/span><\/li><li><span lang=\"ES-TRAD\">Integraci\u00f3 i Aplicaci\u00f3<\/span><strong><u><span lang=\"ES-TRAD\"><br \/><\/span><\/u><\/strong><\/li><\/ul><p>\u00a0<\/p><p>Per a m\u00e9s informaci\u00f3:<\/p>\t\t\t\t\t\t\t\t<\/div>\n\t\t\t\t<\/div>\n\t\t\t\t<div class=\"elementor-element elementor-element-6e83714 elementor-tablet-align-left elementor-widget-tablet__width-initial elementor-widget elementor-widget-button\" data-id=\"6e83714\" data-element_type=\"widget\" data-widget_type=\"button.default\">\n\t\t\t\t<div class=\"elementor-widget-container\">\n\t\t\t\t\t\t\t\t\t<div class=\"elementor-button-wrapper\">\n\t\t\t\t\t<a class=\"elementor-button elementor-button-link elementor-size-sm elementor-animation-grow\" href=\"\/es\/formacio-en-terapia-de-cos-i-moviment\/\" target=\"_blank\">\n\t\t\t\t\t\t<span class=\"elementor-button-content-wrapper\">\n\t\t\t\t\t\t\t\t\t<span class=\"elementor-button-text\">veure formaci\u00f3<\/span>\n\t\t\t\t\t<\/span>\n\t\t\t\t\t<\/a>\n\t\t\t\t<\/div>\n\t\t\t\t\t\t\t\t<\/div>\n\t\t\t\t<\/div>\n\t\t\t\t\t<\/div>\n\t\t\t\t<\/div>\n\t\t<div class=\"elementor-element elementor-element-3ff2865 e-flex e-con-boxed e-con e-parent\" data-id=\"3ff2865\" data-element_type=\"container\" id=\"reiki\" data-settings=\"{&quot;background_background&quot;:&quot;classic&quot;}\">\n\t\t\t\t\t<div class=\"e-con-inner\">\n\t\t\t\t<div class=\"elementor-element elementor-element-21f06d2 elementor-widget elementor-widget-heading\" data-id=\"21f06d2\" data-element_type=\"widget\" data-widget_type=\"heading.default\">\n\t\t\t\t<div class=\"elementor-widget-container\">\n\t\t\t\t\t<h2 class=\"elementor-heading-title elementor-size-default\">Reiki Usui tradicional japon\u00e8s<\/h2>\t\t\t\t<\/div>\n\t\t\t\t<\/div>\n\t\t\t\t<div class=\"elementor-element elementor-element-c123c7b elementor-widget elementor-widget-text-editor\" data-id=\"c123c7b\" data-element_type=\"widget\" data-widget_type=\"text-editor.default\">\n\t\t\t\t<div class=\"elementor-widget-container\">\n\t\t\t\t\t\t\t\t\t<p>La formaci\u00f3 de Reiki \u00e9s un proc\u00e9s que capacita les persones per canalitzar i utilitzar l&#8217;energia vital universal amb la finalitat de promoure la sanaci\u00f3 f\u00edsica, emocional i espiritual en si mateixes i en altres persones. Reiki \u00e9s una t\u00e8cnica japonesa de curaci\u00f3 que es basa en la idea que un terapeuta pot transmetre energia curativa a trav\u00e9s de les seves mans.<\/p><p><strong><u>Nivells de Formaci\u00f3:<\/u><\/strong><\/p><p>El Reiki Usui Tradicional Japon\u00e8s es divideix en diversos nivells, generalment quatre. Cada nivell t\u00e9 el seu propi conjunt de t\u00e8cniques i coneixements.<\/p><p><strong><span style=\"color: #3a8085;\">Nivell 1 &#8211; Autotractament i Fonaments del Reiki<\/span><\/strong><\/p><p>En aquest nivell, aprendr\u00e0s els conceptes b\u00e0sics de Reiki, aix\u00ed com a fer autotractaments i a canalitzar l&#8217;energia Reiki.<\/p><p><strong><span style=\"color: #3a8085;\">Nivell 2 &#8211; Sanaci\u00f3 a Dist\u00e0ncia i S\u00edmbols<\/span><\/strong><\/p><p>En aquest nivell, aprendr\u00e0s a enviar energia Reiki a dist\u00e0ncia i atreballar amb s\u00edmbols Reiki per potenciar l&#8217;energia.<\/p><p><strong><span style=\"color: #3a8085;\">Nivell 3 &#8211; Mestria Practicant<\/span><\/strong><\/p><p>En aquest nivell, aprofundir\u00e0s en la comprensi\u00f3 del Reiki i aprendr\u00e0s el s\u00edmbol mestre i t\u00e8cniques avan\u00e7ades.<\/p><p><strong><span style=\"color: #3a8085;\">Nivell 4 &#8211; Mestria de Mestres<\/span><\/strong><\/p><p>Aquest nivell est\u00e0 dissenyat per a aquelles persones que desitgen formar en Reiki a altres persones. Els estudiants aprendran com realitzar les iniciacions i com guiar altres persones en el seu cam\u00ed de Reiki.<\/p><p><u>Certificaci\u00f3:<\/u> Al final de cada nivell, rebr\u00e0s un diploma que certifica la teva capacitat amb aquesta eina terap\u00e8utica.<\/p><p>Per a m\u00e9s informaci\u00f3:<\/p>\t\t\t\t\t\t\t\t<\/div>\n\t\t\t\t<\/div>\n\t\t\t\t<div class=\"elementor-element elementor-element-32bf77a elementor-tablet-align-left elementor-widget-tablet__width-initial elementor-widget elementor-widget-button\" data-id=\"32bf77a\" data-element_type=\"widget\" data-widget_type=\"button.default\">\n\t\t\t\t<div class=\"elementor-widget-container\">\n\t\t\t\t\t\t\t\t\t<div class=\"elementor-button-wrapper\">\n\t\t\t\t\t<a class=\"elementor-button elementor-button-link elementor-size-sm elementor-animation-grow\" href=\"mailto:juditcaberol@gmail.com\" target=\"_blank\">\n\t\t\t\t\t\t<span class=\"elementor-button-content-wrapper\">\n\t\t\t\t\t\t\t\t\t<span class=\"elementor-button-text\">contacta'm<\/span>\n\t\t\t\t\t<\/span>\n\t\t\t\t\t<\/a>\n\t\t\t\t<\/div>\n\t\t\t\t\t\t\t\t<\/div>\n\t\t\t\t<\/div>\n\t\t\t\t\t<\/div>\n\t\t\t\t<\/div>\n\t\t<div class=\"elementor-element elementor-element-303618c e-flex e-con-boxed e-con e-parent\" data-id=\"303618c\" data-element_type=\"container\" id=\"quiro\" data-settings=\"{&quot;background_background&quot;:&quot;classic&quot;}\">\n\t\t\t\t\t<div class=\"e-con-inner\">\n\t\t\t\t<div class=\"elementor-element elementor-element-a6b44d4 elementor-widget elementor-widget-heading\" data-id=\"a6b44d4\" data-element_type=\"widget\" data-widget_type=\"heading.default\">\n\t\t\t\t<div class=\"elementor-widget-container\">\n\t\t\t\t\t<h2 class=\"elementor-heading-title elementor-size-default\">Quiromassatge terap\u00e8utic professional (FORMAT ONLINE)<\/h2>\t\t\t\t<\/div>\n\t\t\t\t<\/div>\n\t\t\t\t<div class=\"elementor-element elementor-element-be9d081 elementor-widget elementor-widget-text-editor\" data-id=\"be9d081\" data-element_type=\"widget\" data-widget_type=\"text-editor.default\">\n\t\t\t\t<div class=\"elementor-widget-container\">\n\t\t\t\t\t\t\t\t\t<div><p>Aquesta formaci\u00f3 est\u00e0 gestionada pel Centre d&#8217;Estudis i formaci\u00f3 Aurea.<\/p><\/div><p>El massatge terap\u00e8utic quiromassatge \u00e9s un massatge aplicat exclusivament amb les mans i que t\u00e9 un efecte immediat sobre el sistema muscular, el sistema nervi\u00f3s i el sistema circulatori. Un dels objectius principals d&#8217;aquesta t\u00e8cnica \u00e9s descontracturar, relaxar i estimular els teixits org\u00e0nics del cos aconseguint un major benestar f\u00edsic, mental i emocional.<\/p><p>Aquest formaci\u00f3 de quiromassatge terap\u00e8utic est\u00e0 dissenyada en format totalment on line perqu\u00e8 l&#8217;estudiant pugui matricular-se en el curs en qualsevol moment de l&#8217;any i pugui realitzar la formaci\u00f3 des de la plataforma virtual de l\u2019escola, al seu ritme i segons els seus temps. A m\u00e9s, dos cops l\u2019any es convoca un seminari de pr\u00e0ctiques presencials per a aquells alumnes que vulguin assistir-hi.<\/p><p><strong><u>Contingut del Curs:<\/u><\/strong><\/p><ul><li>El massatge al llarg de la hist\u00f2ria<\/li><li>Anatomia i Fisiologia de l\u2019aparell locomotor<\/li><li>Gesti\u00f3 de lesions i mol\u00e8sties<\/li><li>Aplicacions Terap\u00e8utiques<\/li><li>Maniobres i t\u00e8cniques del quiromassatge terap\u00e8utic<\/li><li>Tractaments i massatge de zones espec\u00edfiques<\/li><li><span lang=\"EN-US\">Avaluaci\u00f3 i Diagn\u00f2stic<\/span><\/li><li><span lang=\"EN-US\">Contraindicacions i Precaucions<\/span><\/li><li>\u00c8tica i Pr\u00e0ctica Professional<\/li><li>Pr\u00e0ctica Supervisada<\/li><li>Orientaci\u00f3 per a la pr\u00e0ctica professional del quiromassatge i sortides laborals<\/li><\/ul><p><u>Certificaci\u00f3:<\/u>\u00a0 Al final de la formaci\u00f3, rebr\u00e0s un diploma acreditatiu, avalat per l\u2019Associaci\u00f3 Professional Espanyola de Naturopatia i Bioter\u00e0pia.<\/p><p>Si vols m\u00e9s informaci\u00f3:<\/p>\t\t\t\t\t\t\t\t<\/div>\n\t\t\t\t<\/div>\n\t\t\t\t<div class=\"elementor-element elementor-element-50b946a elementor-tablet-align-left elementor-widget-tablet__width-initial elementor-widget elementor-widget-button\" data-id=\"50b946a\" data-element_type=\"widget\" data-widget_type=\"button.default\">\n\t\t\t\t<div class=\"elementor-widget-container\">\n\t\t\t\t\t\t\t\t\t<div class=\"elementor-button-wrapper\">\n\t\t\t\t\t<a class=\"elementor-button elementor-button-link elementor-size-sm elementor-animation-grow\" href=\"mailto:juditcaberol@gmail.com\" target=\"_blank\">\n\t\t\t\t\t\t<span class=\"elementor-button-content-wrapper\">\n\t\t\t\t\t\t\t\t\t<span class=\"elementor-button-text\">contacta'm<\/span>\n\t\t\t\t\t<\/span>\n\t\t\t\t\t<\/a>\n\t\t\t\t<\/div>\n\t\t\t\t\t\t\t\t<\/div>\n\t\t\t\t<\/div>\n\t\t\t\t\t<\/div>\n\t\t\t\t<\/div>\n\t\t<div class=\"elementor-element elementor-element-be697ae e-flex e-con-boxed e-con e-parent\" data-id=\"be697ae\" data-element_type=\"container\" id=\"focusing\">\n\t\t\t\t\t<div class=\"e-con-inner\">\n\t\t\t\t<div class=\"elementor-element elementor-element-8bd15d7 elementor-widget elementor-widget-heading\" data-id=\"8bd15d7\" data-element_type=\"widget\" data-widget_type=\"heading.default\">\n\t\t\t\t<div class=\"elementor-widget-container\">\n\t\t\t\t\t<h2 class=\"elementor-heading-title elementor-size-default\">Focusing \u2013 Enfocament Corporal <\/h2>\t\t\t\t<\/div>\n\t\t\t\t<\/div>\n\t\t\t\t<div class=\"elementor-element elementor-element-40cb547 elementor-widget elementor-widget-text-editor\" data-id=\"40cb547\" data-element_type=\"widget\" data-widget_type=\"text-editor.default\">\n\t\t\t\t<div class=\"elementor-widget-container\">\n\t\t\t\t\t\t\t\t\t<p style=\"font-weight: 400;\">El focusing (m\u00e8tode d\u2019Enfocament Corporal) \u00e9s un model psicoterap\u00e8utic, aix\u00ed com un m\u00e8tode i una potent eina terap\u00e8utica que implica prendre consci\u00e8ncia de les sensacions en el nostre cos i despr\u00e9s emprar aquesta consci\u00e8ncia per abordar i guarir aspectes emocionals. En ess\u00e8ncia, el Focusing ens ajuda a de desenvolupar l\u2019habilitat de dirigir la nostra atenci\u00f3 cap a aquestes sensacions sentides o sensacions amb sentit, i establir una relaci\u00f3 m\u00e9s profunda amb nosaltres mateixos i acompanyar i gestionar els reptes de la vida de manera m\u00e9s efectiva i saludable.<\/p><p style=\"font-weight: 400;\">Focusing \u00e9s un model d&#8217;enfocament humanista que promou l&#8217;autoexploraci\u00f3 i la presa de consci\u00e8ncia a trav\u00e9s del cos, i es presenta no nom\u00e9s com una eina terap\u00e8utica molt \u00fatil sin\u00f3 tamb\u00e9 fascinant. Aprendre a establir una connexi\u00f3 aut\u00e8ntica amb el nostre cos i les nostres emocions \u00e9s un proc\u00e9s gradual, i aquest m\u00e8tode ens proporciona les claus per aconseguir-ho.<\/p><p style=\"font-weight: 400;\">Aquesta formaci\u00f3 proporciona una comprensi\u00f3 essencial del que comporta el proc\u00e9s del Focusing, de les bases filos\u00f2fiques i psicol\u00f2giques en les que se sustenta aquest model, i dota de les actituds i aptituds t\u00e8cniques necess\u00e0ries per incorporar aquesta eina a la teva vida i transmetre-la al teu entorn.<\/p><p><strong><u>Nivells de Formaci\u00f3:<\/u><\/strong><\/p><p style=\"font-weight: 400;\">La Formaci\u00f3 est\u00e0 formulada en dos blocs:<\/p><p style=\"font-weight: 400;\"><span style=\"color: #3a8085;\"><strong>BLOC INTRODUCTORI:<\/strong><\/span><\/p><p style=\"font-weight: 400;\">Per submergir-te en els passos del Focusing i obtenir un coneixement dels conceptes clau d\u2019aquest m\u00e8tode. Aprendr\u00e0s a practicar autofocusing i a guiar els companys en el proc\u00e9s.<\/p><p style=\"font-weight: 400;\">Aquest Bloc cont\u00e9 els seg\u00fcents m\u00f2duls:<\/p><p style=\"font-weight: 400;\">\u2736 <strong>Nivell 1 <\/strong>\u2013 Iniciaci\u00f3 al Focusing.<\/p><p style=\"font-weight: 400;\">\u2736 <strong>Nivell 2 <\/strong>\u2013 Pr\u00e0ctica de Focusing i Autofocusing.<\/p><p style=\"font-weight: 400;\">\u2736 <strong>Pr\u00e0ctiques tutoritzades de Focusing<\/strong>.<\/p><p style=\"font-weight: 400;\">\u2736 <strong>Monogr\u00e0fic: <\/strong>Focusing i la gesti\u00f3 de les emocions.<\/p><p style=\"font-weight: 400;\">\u2736 <strong>Monogr\u00e0fic: <\/strong>Focusing, Nen\/a interior i Cr\u00edtic intern.<\/p><p style=\"font-weight: 400;\"><span style=\"color: #3a8085;\"><strong>BLOC D\u2019APROFUNDIMENT:<\/strong><\/span><\/p><p style=\"font-weight: 400;\">Per endinsar-te en la gesti\u00f3 d&#8217;experi\u00e8ncies m\u00e9s profundes i complexes, afinant encara m\u00e9s les teves habilitats de guia. A m\u00e9s, explorar\u00e0s com el Focusing es pot aplicar amb el treball dels somnis i la integraci\u00f3 de les polaritats internes.<\/p><p style=\"font-weight: 400;\">Aquest Bloc cont\u00e9 els seg\u00fcents m\u00f2duls:<\/p><p style=\"font-weight: 400;\"><strong>\u2736 Nivell 3 <\/strong>\u2013 Acompanyar i ser acompanyat en situacions dif\u00edcils.<\/p><p style=\"font-weight: 400;\"><strong>\u2736 Nivell 4 <\/strong>\u2013 Emocions profundes i canvi corporal.<\/p><p style=\"font-weight: 400;\"><strong>\u2736 Pr\u00e0ctiques tutoritzades de Focusing.<\/strong><\/p><p style=\"font-weight: 400;\"><strong>\u2736 Monogr\u00e0fic: <\/strong>Focusing i el treball amb els somnis i les polaritats.<\/p><p style=\"font-weight: 400;\">Es poden cursar els diferents m\u00f2duls per separat, de manera a\u00efllada, desvinculats de la formaci\u00f3 completa.<\/p><p><u>Certificaci\u00f3:<\/u>\u00a0Al final de cada m\u00f2dul, rebr\u00e0s un diploma acreditatiu.<\/p><p>Aquesta formaci\u00f3 est\u00e0 avalada per <em>The International Focusing Institute de Nova York<\/em>.<\/p>\t\t\t\t\t\t\t\t<\/div>\n\t\t\t\t<\/div>\n\t\t\t\t<div class=\"elementor-element elementor-element-68d8565 elementor-tablet-align-left elementor-widget-tablet__width-initial elementor-widget elementor-widget-button\" data-id=\"68d8565\" data-element_type=\"widget\" data-widget_type=\"button.default\">\n\t\t\t\t<div class=\"elementor-widget-container\">\n\t\t\t\t\t\t\t\t\t<div class=\"elementor-button-wrapper\">\n\t\t\t\t\t<a class=\"elementor-button elementor-button-link elementor-size-sm elementor-animation-grow\" href=\"mailto:juditcaberol@gmail.com\" target=\"_blank\">\n\t\t\t\t\t\t<span class=\"elementor-button-content-wrapper\">\n\t\t\t\t\t\t\t\t\t<span class=\"elementor-button-text\">contacta'm<\/span>\n\t\t\t\t\t<\/span>\n\t\t\t\t\t<\/a>\n\t\t\t\t<\/div>\n\t\t\t\t\t\t\t\t<\/div>\n\t\t\t\t<\/div>\n\t\t\t\t\t<\/div>\n\t\t\t\t<\/div>\n\t\t<div class=\"elementor-element elementor-element-716a852 e-flex e-con-boxed e-con e-parent\" data-id=\"716a852\" data-element_type=\"container\" id=\"reflexo\">\n\t\t\t\t\t<div class=\"e-con-inner\">\n\t\t\t\t<div class=\"elementor-element elementor-element-9e4fdaa elementor-widget elementor-widget-heading\" data-id=\"9e4fdaa\" data-element_type=\"widget\" data-widget_type=\"heading.default\">\n\t\t\t\t<div class=\"elementor-widget-container\">\n\t\t\t\t\t<h2 class=\"elementor-heading-title elementor-size-default\">Reflexologia podal professional <\/h2>\t\t\t\t<\/div>\n\t\t\t\t<\/div>\n\t\t\t\t<div class=\"elementor-element elementor-element-ddfd608 elementor-widget elementor-widget-text-editor\" data-id=\"ddfd608\" data-element_type=\"widget\" data-widget_type=\"text-editor.default\">\n\t\t\t\t<div class=\"elementor-widget-container\">\n\t\t\t\t\t\t\t\t\t<div><p>Aquesta formaci\u00f3 est\u00e0 gestionada pel Centre d&#8217;Estudis i formaci\u00f3 Aurea.<\/p><\/div><p>La formaci\u00f3 en reflexologia podal \u00e9s un proc\u00e9s d&#8217;aprenentatge que es centra en l&#8217;estudi i l&#8217;aplicaci\u00f3 de la reflexologia als peus. La reflexologia \u00e9s una ter\u00e0pia complement\u00e0ria que es basa en la idea que hi ha punts espec\u00edfics als peus que es corresponen amb diferents parts i \u00f2rgans del cos.<\/p><p>L&#8217;objectiu principal de la formaci\u00f3 en reflexologia podal \u00e9s capacitar els estudiants per aplicar t\u00e8cniques de reflexologia de manera efectiva als peus amb la finalitat de promoure la relaxaci\u00f3, el benestar i l&#8217;equilibri en el cos i la ment. Tamb\u00e9 es busca que els estudiants entenguin els principis i la teoria darrere de la reflexologia podal.<\/p><p><strong><u>Contingut del Curs:<\/u><\/strong><\/p><ul><li>Introducci\u00f3 a la Reflexologia Podal<\/li><li>Anatomia i Fisiologia dels Peus<\/li><li>Mapa de Punts Reflexol\u00f2gics<\/li><li>T\u00e8cniques de Massatge<\/li><li>Avaluaci\u00f3 i Diagn\u00f2stic<\/li><li>Tractament i Seq\u00fc\u00e8ncia<\/li><li>Contraindicacions i Precaucions<\/li><li>Aplicacions Terap\u00e8utiques<\/li><li>\u00c8tica i Pr\u00e0ctica Professional<\/li><li>Pr\u00e0ctica Supervisada<\/li><\/ul><div><ul><li>Orientaci\u00f3 per a la pr\u00e0ctica professional de la reflexologia podal i sortides laborals<\/li><\/ul><\/div><div><p>\u00a0<\/p><\/div><p><u>Certificaci\u00f3:<\/u>\u00a0 Al final de la formaci\u00f3, rebr\u00e0s un diploma acreditatiu, avalat per l\u2019Associaci\u00f3 Professional Espanyola de Naturopatia i Bioter\u00e0pia.<\/p><div><span lang=\"CA\">Per a m\u00e9s informaci\u00f3:<\/span><\/div>\t\t\t\t\t\t\t\t<\/div>\n\t\t\t\t<\/div>\n\t\t\t\t<div class=\"elementor-element elementor-element-c5bb2fa elementor-tablet-align-left elementor-widget-tablet__width-initial elementor-widget elementor-widget-button\" data-id=\"c5bb2fa\" data-element_type=\"widget\" data-widget_type=\"button.default\">\n\t\t\t\t<div class=\"elementor-widget-container\">\n\t\t\t\t\t\t\t\t\t<div class=\"elementor-button-wrapper\">\n\t\t\t\t\t<a class=\"elementor-button elementor-button-link elementor-size-sm elementor-animation-grow\" href=\"mailto:juditcaberol@gmail.com\" target=\"_blank\">\n\t\t\t\t\t\t<span class=\"elementor-button-content-wrapper\">\n\t\t\t\t\t\t\t\t\t<span class=\"elementor-button-text\">contacta'm<\/span>\n\t\t\t\t\t<\/span>\n\t\t\t\t\t<\/a>\n\t\t\t\t<\/div>\n\t\t\t\t\t\t\t\t<\/div>\n\t\t\t\t<\/div>\n\t\t\t\t\t<\/div>\n\t\t\t\t<\/div>\n\t\t<div class=\"elementor-element elementor-element-522a977 e-flex e-con-boxed e-con e-parent\" data-id=\"522a977\" data-element_type=\"container\" id=\"cos\" data-settings=\"{&quot;background_background&quot;:&quot;classic&quot;}\">\n\t\t\t\t\t<div class=\"e-con-inner\">\n\t\t\t\t<div class=\"elementor-element elementor-element-f691b99 elementor-widget elementor-widget-heading\" data-id=\"f691b99\" data-element_type=\"widget\" data-widget_type=\"heading.default\">\n\t\t\t\t<div class=\"elementor-widget-container\">\n\t\t\t\t\t<h2 class=\"elementor-heading-title elementor-size-default\">Formaci\u00f3 M\u00e8tode Cos, Consci\u00e8ncia i Moviment \u00ae (Format Online \/ Format presencial)<\/h2>\t\t\t\t<\/div>\n\t\t\t\t<\/div>\n\t\t\t\t<div class=\"elementor-element elementor-element-5cd122d elementor-widget elementor-widget-text-editor\" data-id=\"5cd122d\" data-element_type=\"widget\" data-widget_type=\"text-editor.default\">\n\t\t\t\t<div class=\"elementor-widget-container\">\n\t\t\t\t\t\t\t\t\t<p>La formaci\u00f3 en el M\u00e8tode Cos, Consci\u00e8ncia i Moviment \u00ae \u00e9s un proc\u00e9s que permet a les persones aprendre i desenvolupar habilitats relacionades amb la integraci\u00f3 de la ment, el cos i l&#8217;energia vital. Les eines terap\u00e8utiques i t\u00e8cniques que composen el recorregut formatiu es centren en la connexi\u00f3 entre els aspectes emocionals, f\u00edsics i energ\u00e8tics d&#8217;una persona per promoure el benestar i l&#8217;equilibri.<\/p><p>El contingut de la formaci\u00f3 en t\u00e8cniques psicocorporals i energ\u00e8tiques pot variar segons l&#8217;enfocament i la durada del programa. Alguns temes comuns poden incloure:<\/p><p><strong><u>Contingut de la Formaci\u00f3:<\/u><\/strong><\/p><p>Els continguts b\u00e0sics de la formaci\u00f3 inclouen:<\/p><ul><li>Anatomia i Fisiologia Energ\u00e8tica per comprendre la interacci\u00f3 entre l&#8217;energia vital i els sistemes corporals.<\/li><li><span lang=\"EN-US\">Meditaci\u00f3 i Mindfulness<\/span><\/li><li><span lang=\"EN-US\">Ioga, Dansater\u00e0pia i Moviment Expressiu<\/span><\/li><li>El Focusing o t\u00e8cnica d\u2019Enfocament Corporal<\/li><li>T\u00e8cniques psicocorporals<\/li><li>T\u00e8cniques de Respiraci\u00f3<\/li><li>Ter\u00e0pies Energ\u00e8tiques<\/li><li>Psicologia i Emocions<\/li><li>Treball de parts internes i de polaritats<\/li><li>Integraci\u00f3 Pr\u00e0ctica<\/li><\/ul><p>\u00a0<\/p><p><u>Certificaci\u00f3:<\/u>\u00a0 Al final de la formaci\u00f3, a m\u00e9s del diploma acreditatiu, tamb\u00e9 obtindr\u00e0s els certificats de Nivell 1 i 2 de Reiki Usui i els certificats dels Nivells 1 i 2 de Focusing.<\/p><p><span lang=\"CA\">Per a m\u00e9s informaci\u00f3:<\/span><\/p>\t\t\t\t\t\t\t\t<\/div>\n\t\t\t\t<\/div>\n\t\t\t\t<div class=\"elementor-element elementor-element-203b2e7 elementor-tablet-align-left elementor-widget-tablet__width-initial elementor-widget elementor-widget-button\" data-id=\"203b2e7\" data-element_type=\"widget\" data-widget_type=\"button.default\">\n\t\t\t\t<div class=\"elementor-widget-container\">\n\t\t\t\t\t\t\t\t\t<div class=\"elementor-button-wrapper\">\n\t\t\t\t\t<a class=\"elementor-button elementor-button-link elementor-size-sm elementor-animation-grow\" href=\"mailto:juditcaberol@gmail.com\" target=\"_blank\">\n\t\t\t\t\t\t<span class=\"elementor-button-content-wrapper\">\n\t\t\t\t\t\t\t\t\t<span class=\"elementor-button-text\">contacta'm<\/span>\n\t\t\t\t\t<\/span>\n\t\t\t\t\t<\/a>\n\t\t\t\t<\/div>\n\t\t\t\t\t\t\t\t<\/div>\n\t\t\t\t<\/div>\n\t\t\t\t\t<\/div>\n\t\t\t\t<\/div>\n\t\t<div class=\"elementor-element elementor-element-c00c986 e-flex e-con-boxed e-con e-parent\" data-id=\"c00c986\" data-element_type=\"container\" id=\"tallers\">\n\t\t\t\t\t<div class=\"e-con-inner\">\n\t\t\t\t<div class=\"elementor-element elementor-element-d65853e elementor-widget elementor-widget-heading\" data-id=\"d65853e\" data-element_type=\"widget\" data-widget_type=\"heading.default\">\n\t\t\t\t<div class=\"elementor-widget-container\">\n\t\t\t\t\t<h2 class=\"elementor-heading-title elementor-size-default\">Tallers i retirs per enc\u00e0rrec <\/h2>\t\t\t\t<\/div>\n\t\t\t\t<\/div>\n\t\t\t\t<div class=\"elementor-element elementor-element-e7b609d elementor-widget elementor-widget-text-editor\" data-id=\"e7b609d\" data-element_type=\"widget\" data-widget_type=\"text-editor.default\">\n\t\t\t\t<div class=\"elementor-widget-container\">\n\t\t\t\t\t\t\t\t\t<p>Ofereixo tallers i retirs terap\u00e8utics personalitzats per enc\u00e0rrec, adaptant els meus serveis terap\u00e8utics a les necessitats espec\u00edfiques de cada centre.<\/p><p>Una \u00e0mplia gamma de propostes que abasten diversos aspectes del benestar psicocorporal, emocional i energ\u00e8tic, per satisfer les necessitats d&#8217;un p\u00fablic divers i proporcionar un enfocament complet per a la salut hol\u00edstica i en la recerca d&#8217;una vida m\u00e9s saludable i satisfact\u00f2ria.<\/p><p><span lang=\"CA\">Per a m\u00e9s informaci\u00f3:<\/span><\/p>\t\t\t\t\t\t\t\t<\/div>\n\t\t\t\t<\/div>\n\t\t\t\t<div class=\"elementor-element elementor-element-7996583 elementor-tablet-align-left elementor-widget-tablet__width-initial elementor-widget elementor-widget-button\" data-id=\"7996583\" data-element_type=\"widget\" data-widget_type=\"button.default\">\n\t\t\t\t<div class=\"elementor-widget-container\">\n\t\t\t\t\t\t\t\t\t<div class=\"elementor-button-wrapper\">\n\t\t\t\t\t<a class=\"elementor-button elementor-button-link elementor-size-sm elementor-animation-grow\" href=\"mailto:juditcaberol@gmail.com\" target=\"_blank\">\n\t\t\t\t\t\t<span class=\"elementor-button-content-wrapper\">\n\t\t\t\t\t\t\t\t\t<span class=\"elementor-button-text\">contacta'm<\/span>\n\t\t\t\t\t<\/span>\n\t\t\t\t\t<\/a>\n\t\t\t\t<\/div>\n\t\t\t\t\t\t\t\t<\/div>\n\t\t\t\t<\/div>\n\t\t\t\t\t<\/div>\n\t\t\t\t<\/div>\n\t\t\t\t\t<\/div>\n\t\t<\/div>\n\t\t\t\t\t<\/div>\n\t\t<\/section>\n\t\t\t\t<\/div>","protected":false},"excerpt":{"rendered":"<p>FORMACIONS EN FORMAT ONLINE I PRESENCIAL Formacions: Formaci\u00f3 en Ter\u00e0pia de Cos i Moviment Reiki Usui tradicional japon\u00e8s Focusing \u2013 Enfocament corporal Quiromassatge terap\u00e8utic professional \u2013 ONLINE Reflexologia podal professional Formaci\u00f3 M\u00e8tode Cos, Consci\u00e8ncia i Moviment \u00ae (Format Online \/ Format presencial) Tallers i retirs per enc\u00e0rrec Formaci\u00f3 en Ter\u00e0pia de Cos i Moviment El [&hellip;]<\/p>","protected":false},"author":1,"featured_media":0,"parent":0,"menu_order":0,"comment_status":"closed","ping_status":"closed","template":"","meta":{"footnotes":""},"class_list":["post-524","page","type-page","status-publish","hentry"],"rankMath":{"parentDomain":"juditcaberol.com","noFollowDomains":[],"noFollowExcludeDomains":[],"noFollowExternalLinks":false,"featuredImageNotice":"La imagen destacada debe tener al menos 200 por 200 p\u00edxeles para que Facebook y otros sitios de redes sociales puedan escogerla.","pluginReviewed":false,"postSettings":{"linkSuggestions":true,"useFocusKeyword":false},"frontEndScore":false,"postName":"formacio","permalinkFormat":"https:\/\/www.juditcaberol.com\/es\/%pagename%\/","showLockModifiedDate":true,"assessor":{"focusKeywordLink":"https:\/\/www.juditcaberol.com\/wp-admin\/edit.php?focus_keyword=%focus_keyword%&post_type=%post_type%","hasTOCPlugin":true,"primaryTaxonomy":false,"serpData":{"title":"Formaci\u00f3 en disciplines terap\u00e8utiques - Judit Caberol","description":"Ofereixo programes de formaci\u00f3 en diferents disciplines terap\u00e8utiques a Girona i tamb\u00e9 en format online. Si vols saber-ne m\u00e9s, posa't en contacte!","focusKeywords":"formaci\u00f3","pillarContent":false,"canonicalUrl":"","breadcrumbTitle":"","advancedRobots":[],"facebookTitle":"","facebookDescription":"","facebookImage":"","facebookImageID":"","facebookHasOverlay":false,"facebookImageOverlay":"","facebookAuthor":"","twitterCardType":"","twitterUseFacebook":true,"twitterTitle":"","twitterDescription":"","twitterImage":"","twitterImageID":"","twitterHasOverlay":false,"twitterImageOverlay":"","twitterPlayerUrl":"","twitterPlayerSize":"","twitterPlayerStream":"","twitterPlayerStreamCtype":"","twitterAppDescription":"","twitterAppIphoneName":"","twitterAppIphoneID":"","twitterAppIphoneUrl":"","twitterAppIpadName":"","twitterAppIpadID":"","twitterAppIpadUrl":"","twitterAppGoogleplayName":"","twitterAppGoogleplayID":"","twitterAppGoogleplayUrl":"","twitterAppCountry":"","robots":{"index":true},"twitterAuthor":"nombre de usuario","primaryTerm":0,"authorName":"OCTAVI MUNI SERRA","titleTemplate":"%title% %sep% %sitename%","descriptionTemplate":"%excerpt%","showScoreFrontend":true,"lockModifiedDate":false},"powerWords":["incre\u00edble","asombroso","maravilloso","\u00fanico","hermoso","felicidad","brillante","cautivador","carism\u00e1tico","impactante","claro","completamente","confidencial","confianza","significativo","creativo","definitivamente","delicioso","demostrar","apres\u00farate","decidido","digno","din\u00e1mico","impresionante","esencial","inspirador","innovador","intenso","eficaz","m\u00e1gico","magn\u00edfico","hist\u00f3rico","importante","incre\u00edble","indispensable","inolvidable","irresistible","legendario","luminoso","lujo","m\u00e1gico","magn\u00edfico","majestuoso","memorable","maravilloso","milagroso","motivador","necesario","nuevo","oficial","perfecto","apasionado","persuasivo","fenomenal","placer","popular","poder","prestigioso","prodigioso","profundo","pr\u00f3spero","poderoso","calidad","radiante","r\u00e1pido","exitoso","revolucionario","satisfecho","seguridad","sensacional","sereno","suntuoso","espl\u00e9ndido","sublime","sorprendente","talentoso","terror\u00edfico","\u00fanico","valor","vibrante","victorioso","vivo","verdaderamente","celoso","aut\u00e9ntico","aventurero","espectacular","exclusivo","garantizado","extraordinario","fabuloso","fascinante","formidable","genial","grandioso","gratuito","h\u00e1bil","ilimitado","impecable","infalible","infinitamente","influyente","ingenioso","inolvidable","irremplazable","l\u00edder","maestro","notable","novedoso","pionero","poderoso","reconocido","revolucionario","sorprendente","superior","triunfante","ultra","valiente","valioso","vanguardista","vigoroso","visionario","voluntad","vital","triunfo","glorioso","imparable","inigualable","inteligente","invencible","libertad","orgullo","paz","progreso","renovado","sabidur\u00eda","satisfacci\u00f3n","seguro","serenidad","superaci\u00f3n","talento","transcendente","transformador","valent\u00eda","victoria"],"diacritics":{"A":"[\\u0041\\u24B6\\uFF21\\u00C0\\u00C1\\u00C2\\u1EA6\\u1EA4\\u1EAA\\u1EA8\\u00C3\\u0100\\u0102\\u1EB0\\u1EAE\\u1EB4\\u1EB2\\u0226\\u01E0\\u00C4\\u01DE\\u1EA2\\u00C5\\u01FA\\u01CD\\u0200\\u0202\\u1EA0\\u1EAC\\u1EB6\\u1E00\\u0104\\u023A\\u2C6F]","AA":"[\\uA732]","AE":"[\\u00C6\\u01FC\\u01E2]","AO":"[\\uA734]","AU":"[\\uA736]","AV":"[\\uA738\\uA73A]","AY":"[\\uA73C]","B":"[\\u0042\\u24B7\\uFF22\\u1E02\\u1E04\\u1E06\\u0243\\u0182\\u0181]","C":"[\\u0043\\u24B8\\uFF23\\u0106\\u0108\\u010A\\u010C\\u00C7\\u1E08\\u0187\\u023B\\uA73E]","D":"[\\u0044\\u24B9\\uFF24\\u1E0A\\u010E\\u1E0C\\u1E10\\u1E12\\u1E0E\\u0110\\u018B\\u018A\\u0189\\uA779]","DZ":"[\\u01F1\\u01C4]","Dz":"[\\u01F2\\u01C5]","E":"[\\u0045\\u24BA\\uFF25\\u00C8\\u00C9\\u00CA\\u1EC0\\u1EBE\\u1EC4\\u1EC2\\u1EBC\\u0112\\u1E14\\u1E16\\u0114\\u0116\\u00CB\\u1EBA\\u011A\\u0204\\u0206\\u1EB8\\u1EC6\\u0228\\u1E1C\\u0118\\u1E18\\u1E1A\\u0190\\u018E]","F":"[\\u0046\\u24BB\\uFF26\\u1E1E\\u0191\\uA77B]","G":"[\\u0047\\u24BC\\uFF27\\u01F4\\u011C\\u1E20\\u011E\\u0120\\u01E6\\u0122\\u01E4\\u0193\\uA7A0\\uA77D\\uA77E]","H":"[\\u0048\\u24BD\\uFF28\\u0124\\u1E22\\u1E26\\u021E\\u1E24\\u1E28\\u1E2A\\u0126\\u2C67\\u2C75\\uA78D]","I":"[\\u0049\\u24BE\\uFF29\\u00CC\\u00CD\\u00CE\\u0128\\u012A\\u012C\\u0130\\u00CF\\u1E2E\\u1EC8\\u01CF\\u0208\\u020A\\u1ECA\\u012E\\u1E2C\\u0197]","J":"[\\u004A\\u24BF\\uFF2A\\u0134\\u0248]","K":"[\\u004B\\u24C0\\uFF2B\\u1E30\\u01E8\\u1E32\\u0136\\u1E34\\u0198\\u2C69\\uA740\\uA742\\uA744\\uA7A2]","L":"[\\u004C\\u24C1\\uFF2C\\u013F\\u0139\\u013D\\u1E36\\u1E38\\u013B\\u1E3C\\u1E3A\\u0141\\u023D\\u2C62\\u2C60\\uA748\\uA746\\uA780]","LJ":"[\\u01C7]","Lj":"[\\u01C8]","M":"[\\u004D\\u24C2\\uFF2D\\u1E3E\\u1E40\\u1E42\\u2C6E\\u019C]","N":"[\\u004E\\u24C3\\uFF2E\\u01F8\\u0143\\u00D1\\u1E44\\u0147\\u1E46\\u0145\\u1E4A\\u1E48\\u0220\\u019D\\uA790\\uA7A4]","NJ":"[\\u01CA]","Nj":"[\\u01CB]","O":"[\\u004F\\u24C4\\uFF2F\\u00D2\\u00D3\\u00D4\\u1ED2\\u1ED0\\u1ED6\\u1ED4\\u00D5\\u1E4C\\u022C\\u1E4E\\u014C\\u1E50\\u1E52\\u014E\\u022E\\u0230\\u00D6\\u022A\\u1ECE\\u0150\\u01D1\\u020C\\u020E\\u01A0\\u1EDC\\u1EDA\\u1EE0\\u1EDE\\u1EE2\\u1ECC\\u1ED8\\u01EA\\u01EC\\u00D8\\u01FE\\u0186\\u019F\\uA74A\\uA74C]","OI":"[\\u01A2]","OO":"[\\uA74E]","OU":"[\\u0222]","P":"[\\u0050\\u24C5\\uFF30\\u1E54\\u1E56\\u01A4\\u2C63\\uA750\\uA752\\uA754]","Q":"[\\u0051\\u24C6\\uFF31\\uA756\\uA758\\u024A]","R":"[\\u0052\\u24C7\\uFF32\\u0154\\u1E58\\u0158\\u0210\\u0212\\u1E5A\\u1E5C\\u0156\\u1E5E\\u024C\\u2C64\\uA75A\\uA7A6\\uA782]","S":"[\\u0053\\u24C8\\uFF33\\u1E9E\\u015A\\u1E64\\u015C\\u1E60\\u0160\\u1E66\\u1E62\\u1E68\\u0218\\u015E\\u2C7E\\uA7A8\\uA784]","T":"[\\u0054\\u24C9\\uFF34\\u1E6A\\u0164\\u1E6C\\u021A\\u0162\\u1E70\\u1E6E\\u0166\\u01AC\\u01AE\\u023E\\uA786]","TZ":"[\\uA728]","U":"[\\u0055\\u24CA\\uFF35\\u00D9\\u00DA\\u00DB\\u0168\\u1E78\\u016A\\u1E7A\\u016C\\u00DC\\u01DB\\u01D7\\u01D5\\u01D9\\u1EE6\\u016E\\u0170\\u01D3\\u0214\\u0216\\u01AF\\u1EEA\\u1EE8\\u1EEE\\u1EEC\\u1EF0\\u1EE4\\u1E72\\u0172\\u1E76\\u1E74\\u0244]","V":"[\\u0056\\u24CB\\uFF36\\u1E7C\\u1E7E\\u01B2\\uA75E\\u0245]","VY":"[\\uA760]","W":"[\\u0057\\u24CC\\uFF37\\u1E80\\u1E82\\u0174\\u1E86\\u1E84\\u1E88\\u2C72]","X":"[\\u0058\\u24CD\\uFF38\\u1E8A\\u1E8C]","Y":"[\\u0059\\u24CE\\uFF39\\u1EF2\\u00DD\\u0176\\u1EF8\\u0232\\u1E8E\\u0178\\u1EF6\\u1EF4\\u01B3\\u024E\\u1EFE]","Z":"[\\u005A\\u24CF\\uFF3A\\u0179\\u1E90\\u017B\\u017D\\u1E92\\u1E94\\u01B5\\u0224\\u2C7F\\u2C6B\\uA762]","a":"[\\u0061\\u24D0\\uFF41\\u1E9A\\u00E0\\u00E1\\u00E2\\u1EA7\\u1EA5\\u1EAB\\u1EA9\\u00E3\\u0101\\u0103\\u1EB1\\u1EAF\\u1EB5\\u1EB3\\u0227\\u01E1\\u00E4\\u01DF\\u1EA3\\u00E5\\u01FB\\u01CE\\u0201\\u0203\\u1EA1\\u1EAD\\u1EB7\\u1E01\\u0105\\u2C65\\u0250]","aa":"[\\uA733]","ae":"[\\u00E6\\u01FD\\u01E3]","ao":"[\\uA735]","au":"[\\uA737]","av":"[\\uA739\\uA73B]","ay":"[\\uA73D]","b":"[\\u0062\\u24D1\\uFF42\\u1E03\\u1E05\\u1E07\\u0180\\u0183\\u0253]","c":"[\\u0063\\u24D2\\uFF43\\u0107\\u0109\\u010B\\u010D\\u00E7\\u1E09\\u0188\\u023C\\uA73F\\u2184]","d":"[\\u0064\\u24D3\\uFF44\\u1E0B\\u010F\\u1E0D\\u1E11\\u1E13\\u1E0F\\u0111\\u018C\\u0256\\u0257\\uA77A]","dz":"[\\u01F3\\u01C6]","e":"[\\u0065\\u24D4\\uFF45\\u00E8\\u00E9\\u00EA\\u1EC1\\u1EBF\\u1EC5\\u1EC3\\u1EBD\\u0113\\u1E15\\u1E17\\u0115\\u0117\\u00EB\\u1EBB\\u011B\\u0205\\u0207\\u1EB9\\u1EC7\\u0229\\u1E1D\\u0119\\u1E19\\u1E1B\\u0247\\u025B\\u01DD]","f":"[\\u0066\\u24D5\\uFF46\\u1E1F\\u0192\\uA77C]","g":"[\\u0067\\u24D6\\uFF47\\u01F5\\u011D\\u1E21\\u011F\\u0121\\u01E7\\u0123\\u01E5\\u0260\\uA7A1\\u1D79\\uA77F]","h":"[\\u0068\\u24D7\\uFF48\\u0125\\u1E23\\u1E27\\u021F\\u1E25\\u1E29\\u1E2B\\u1E96\\u0127\\u2C68\\u2C76\\u0265]","hv":"[\\u0195]","i":"[\\u0069\\u24D8\\uFF49\\u00EC\\u00ED\\u00EE\\u0129\\u012B\\u012D\\u00EF\\u1E2F\\u1EC9\\u01D0\\u0209\\u020B\\u1ECB\\u012F\\u1E2D\\u0268\\u0131]","j":"[\\u006A\\u24D9\\uFF4A\\u0135\\u01F0\\u0249]","k":"[\\u006B\\u24DA\\uFF4B\\u1E31\\u01E9\\u1E33\\u0137\\u1E35\\u0199\\u2C6A\\uA741\\uA743\\uA745\\uA7A3]","l":"[\\u006C\\u24DB\\uFF4C\\u0140\\u013A\\u013E\\u1E37\\u1E39\\u013C\\u1E3D\\u1E3B\\u017F\\u0142\\u019A\\u026B\\u2C61\\uA749\\uA781\\uA747]","lj":"[\\u01C9]","m":"[\\u006D\\u24DC\\uFF4D\\u1E3F\\u1E41\\u1E43\\u0271\\u026F]","n":"[\\u006E\\u24DD\\uFF4E\\u01F9\\u0144\\u00F1\\u1E45\\u0148\\u1E47\\u0146\\u1E4B\\u1E49\\u019E\\u0272\\u0149\\uA791\\uA7A5]","nj":"[\\u01CC]","o":"[\\u006F\\u24DE\\uFF4F\\u00F2\\u00F3\\u00F4\\u1ED3\\u1ED1\\u1ED7\\u1ED5\\u00F5\\u1E4D\\u022D\\u1E4F\\u014D\\u1E51\\u1E53\\u014F\\u022F\\u0231\\u00F6\\u022B\\u1ECF\\u0151\\u01D2\\u020D\\u020F\\u01A1\\u1EDD\\u1EDB\\u1EE1\\u1EDF\\u1EE3\\u1ECD\\u1ED9\\u01EB\\u01ED\\u00F8\\u01FF\\u0254\\uA74B\\uA74D\\u0275]","oi":"[\\u01A3]","ou":"[\\u0223]","oo":"[\\uA74F]","p":"[\\u0070\\u24DF\\uFF50\\u1E55\\u1E57\\u01A5\\u1D7D\\uA751\\uA753\\uA755]","q":"[\\u0071\\u24E0\\uFF51\\u024B\\uA757\\uA759]","r":"[\\u0072\\u24E1\\uFF52\\u0155\\u1E59\\u0159\\u0211\\u0213\\u1E5B\\u1E5D\\u0157\\u1E5F\\u024D\\u027D\\uA75B\\uA7A7\\uA783]","s":"[\\u0073\\u24E2\\uFF53\\u015B\\u1E65\\u015D\\u1E61\\u0161\\u1E67\\u1E63\\u1E69\\u0219\\u015F\\u023F\\uA7A9\\uA785\\u1E9B]","ss":"[\\u00DF]","t":"[\\u0074\\u24E3\\uFF54\\u1E6B\\u1E97\\u0165\\u1E6D\\u021B\\u0163\\u1E71\\u1E6F\\u0167\\u01AD\\u0288\\u2C66\\uA787]","tz":"[\\uA729]","u":"[\\u0075\\u24E4\\uFF55\\u00F9\\u00FA\\u00FB\\u0169\\u1E79\\u016B\\u1E7B\\u016D\\u00FC\\u01DC\\u01D8\\u01D6\\u01DA\\u1EE7\\u016F\\u0171\\u01D4\\u0215\\u0217\\u01B0\\u1EEB\\u1EE9\\u1EEF\\u1EED\\u1EF1\\u1EE5\\u1E73\\u0173\\u1E77\\u1E75\\u0289]","v":"[\\u0076\\u24E5\\uFF56\\u1E7D\\u1E7F\\u028B\\uA75F\\u028C]","vy":"[\\uA761]","w":"[\\u0077\\u24E6\\uFF57\\u1E81\\u1E83\\u0175\\u1E87\\u1E85\\u1E98\\u1E89\\u2C73]","x":"[\\u0078\\u24E7\\uFF58\\u1E8B\\u1E8D]","y":"[\\u0079\\u24E8\\uFF59\\u1EF3\\u00FD\\u0177\\u1EF9\\u0233\\u1E8F\\u00FF\\u1EF7\\u1E99\\u1EF5\\u01B4\\u024F\\u1EFF]","z":"[\\u007A\\u24E9\\uFF5A\\u017A\\u1E91\\u017C\\u017E\\u1E93\\u1E95\\u01B6\\u0225\\u0240\\u2C6C\\uA763]"},"researchesTests":["contentHasTOC","contentHasShortParagraphs","contentHasAssets","keywordInTitle","keywordInMetaDescription","keywordInPermalink","keywordIn10Percent","keywordInContent","keywordInSubheadings","keywordInImageAlt","keywordDensity","keywordNotUsed","lengthContent","lengthPermalink","linksHasInternal","linksHasExternals","linksNotAllExternals","titleStartWithKeyword","titleSentiment","titleHasPowerWords","titleHasNumber","hasContentAI"],"hasRedirection":false,"hasBreadcrumb":false},"homeUrl":"https:\/\/www.juditcaberol.com\/es","objectID":524,"objectType":"post","locale":"es","localeFull":"es_ES","overlayImages":{"play":{"name":"Icono de reproducci\u00f3n","url":"https:\/\/www.juditcaberol.com\/wp-content\/plugins\/seo-by-rank-math\/assets\/admin\/img\/icon-play.png","path":"\/var\/www\/juditcaberol.com\/datos\/web\/wp-content\/plugins\/seo-by-rank-math\/assets\/admin\/img\/icon-play.png","position":"middle_center"},"gif":{"name":"Icono GIF","url":"https:\/\/www.juditcaberol.com\/wp-content\/plugins\/seo-by-rank-math\/assets\/admin\/img\/icon-gif.png","path":"\/var\/www\/juditcaberol.com\/datos\/web\/wp-content\/plugins\/seo-by-rank-math\/assets\/admin\/img\/icon-gif.png","position":"middle_center"}},"defautOgImage":"https:\/\/www.juditcaberol.com\/wp-content\/plugins\/seo-by-rank-math\/assets\/admin\/img\/social-placeholder.jpg","customPermalinks":true,"isUserRegistered":false,"autoSuggestKeywords":false,"connectSiteUrl":"https:\/\/rankmath.com\/auth?site=https%3A%2F%2Fwww.juditcaberol.com%2Fes&r=https%3A%2F%2Fwww.juditcaberol.com%2Fes%2Fwp-json%2Fwp%2Fv2%2Fpages%2F524%3Fnonce%3D4e1eddc8f9","maxTags":5,"trendsIcon":"<svg viewBox=\"0 0 610 610\"><path d=\"M18.85,446,174.32,290.48l58.08,58.08L76.93,504a14.54,14.54,0,0,1-20.55,0L18.83,466.48a14.54,14.54,0,0,1,0-20.55Z\" style=\"fill:#4285f4\"\/><path d=\"M242.65,242.66,377.59,377.6l-47.75,47.75a14.54,14.54,0,0,1-20.55,0L174.37,290.43l47.75-47.75A14.52,14.52,0,0,1,242.65,242.66Z\" style=\"fill:#ea4335\"\/><polygon points=\"319.53 319.53 479.26 159.8 537.34 217.88 377.61 377.62 319.53 319.53\" style=\"fill:#fabb05\"\/><path d=\"M594.26,262.73V118.61h0a16.94,16.94,0,0,0-16.94-16.94H433.2a16.94,16.94,0,0,0-12,28.92L565.34,274.71h0a16.94,16.94,0,0,0,28.92-12Z\" style=\"fill:#34a853\"\/><rect width=\"610\" height=\"610\" style=\"fill:none\"\/><\/svg>","showScore":true,"siteFavIcon":"https:\/\/www.juditcaberol.com\/wp-content\/uploads\/2023\/07\/fav-judit-caberol-150x150.png","canUser":{"general":false,"advanced":false,"snippet":false,"social":false,"analysis":false,"analytics":false,"content_ai":false},"isPro":false,"is_front_page":false,"trendsUpgradeLink":"https:\/\/rankmath.com\/pricing\/?utm_source=Plugin&utm_medium=CE%20General%20Tab%20Trends&utm_campaign=WP","trendsUpgradeLabel":"Actualizar","trendsPreviewImage":"https:\/\/www.juditcaberol.com\/wp-content\/plugins\/seo-by-rank-math\/assets\/admin\/img\/trends-preview.jpg","currentEditor":false,"homepageData":{"assessor":{"powerWords":["incre\u00edble","asombroso","maravilloso","\u00fanico","hermoso","felicidad","brillante","cautivador","carism\u00e1tico","impactante","claro","completamente","confidencial","confianza","significativo","creativo","definitivamente","delicioso","demostrar","apres\u00farate","decidido","digno","din\u00e1mico","impresionante","esencial","inspirador","innovador","intenso","eficaz","m\u00e1gico","magn\u00edfico","hist\u00f3rico","importante","incre\u00edble","indispensable","inolvidable","irresistible","legendario","luminoso","lujo","m\u00e1gico","magn\u00edfico","majestuoso","memorable","maravilloso","milagroso","motivador","necesario","nuevo","oficial","perfecto","apasionado","persuasivo","fenomenal","placer","popular","poder","prestigioso","prodigioso","profundo","pr\u00f3spero","poderoso","calidad","radiante","r\u00e1pido","exitoso","revolucionario","satisfecho","seguridad","sensacional","sereno","suntuoso","espl\u00e9ndido","sublime","sorprendente","talentoso","terror\u00edfico","\u00fanico","valor","vibrante","victorioso","vivo","verdaderamente","celoso","aut\u00e9ntico","aventurero","espectacular","exclusivo","garantizado","extraordinario","fabuloso","fascinante","formidable","genial","grandioso","gratuito","h\u00e1bil","ilimitado","impecable","infalible","infinitamente","influyente","ingenioso","inolvidable","irremplazable","l\u00edder","maestro","notable","novedoso","pionero","poderoso","reconocido","revolucionario","sorprendente","superior","triunfante","ultra","valiente","valioso","vanguardista","vigoroso","visionario","voluntad","vital","triunfo","glorioso","imparable","inigualable","inteligente","invencible","libertad","orgullo","paz","progreso","renovado","sabidur\u00eda","satisfacci\u00f3n","seguro","serenidad","superaci\u00f3n","talento","transcendente","transformador","valent\u00eda","victoria"],"diacritics":true,"researchesTests":["contentHasTOC","contentHasShortParagraphs","contentHasAssets","keywordInTitle","keywordInMetaDescription","keywordInPermalink","keywordIn10Percent","keywordInContent","keywordInSubheadings","keywordInImageAlt","keywordDensity","keywordNotUsed","lengthContent","lengthPermalink","linksHasInternal","linksHasExternals","linksNotAllExternals","titleStartWithKeyword","titleSentiment","titleHasPowerWords","titleHasNumber","hasContentAI"],"hasBreadcrumb":false,"serpData":{"title":"%sitename% %page% %sep% %sitedesc%","description":"","titleTemplate":"%sitename% %page% %sep% %sitedesc%","descriptionTemplate":"","focusKeywords":"","breadcrumbTitle":"Home","robots":{"index":true},"advancedRobots":[],"facebookTitle":"","facebookDescription":"","facebookImage":"","facebookImageID":""}}},"tocTitle":"Table of Contents","tocExcludeHeadings":[],"listStyle":"ul"},"_links":{"self":[{"href":"https:\/\/www.juditcaberol.com\/es\/wp-json\/wp\/v2\/pages\/524","targetHints":{"allow":["GET"]}}],"collection":[{"href":"https:\/\/www.juditcaberol.com\/es\/wp-json\/wp\/v2\/pages"}],"about":[{"href":"https:\/\/www.juditcaberol.com\/es\/wp-json\/wp\/v2\/types\/page"}],"author":[{"embeddable":true,"href":"https:\/\/www.juditcaberol.com\/es\/wp-json\/wp\/v2\/users\/1"}],"replies":[{"embeddable":true,"href":"https:\/\/www.juditcaberol.com\/es\/wp-json\/wp\/v2\/comments?post=524"}],"version-history":[{"count":112,"href":"https:\/\/www.juditcaberol.com\/es\/wp-json\/wp\/v2\/pages\/524\/revisions"}],"predecessor-version":[{"id":1024,"href":"https:\/\/www.juditcaberol.com\/es\/wp-json\/wp\/v2\/pages\/524\/revisions\/1024"}],"wp:attachment":[{"href":"https:\/\/www.juditcaberol.com\/es\/wp-json\/wp\/v2\/media?parent=524"}],"curies":[{"name":"wp","href":"https:\/\/api.w.org\/{rel}","templated":true}]}}